{"id":987511752,"date":"2023-08-03T22:11:48","date_gmt":"2023-08-04T03:11:48","guid":{"rendered":"https:\/\/proyectosotonorte.com\/?page_id=987511752"},"modified":"2024-09-11T18:49:19","modified_gmt":"2024-09-11T23:49:19","slug":"feria-emprendedores","status":"publish","type":"page","link":"https:\/\/proyectosotonorte.com\/en\/sala-de-prensa\/galeria\/feria-emprendedores\/","title":{"rendered":"Entrepreneurs Show"},"content":{"rendered":"<p>[et_pb_section fb_built=\u00bb1&#8243; admin_label=\u00bbGaler\u00eda\u00bb _builder_version=\u00bb4.20.4&#8243; _module_preset=\u00bbdefault\u00bb global_colors_info=\u00bb{}\u00bb][et_pb_row admin_label=\u00bbt\u00edtulo\u00bb _builder_version=\u00bb4.20.4&#8243; _module_preset=\u00bbdefault\u00bb global_colors_info=\u00bb{}\u00bb][et_pb_column type=\u00bb4_4&#8243; _builder_version=\u00bb4.20.4&#8243; _module_preset=\u00bbdefault\u00bb global_colors_info=\u00bb{}\u00bb][et_pb_text _builder_version=\u00bb4.20.4&#8243; _module_preset=\u00bbdefault\u00bb header_text_color=\u00bb#0b3d5c\u00bb header_2_text_color=\u00bb#0b3d5c\u00bb header_font_size_tablet=\u00bb25px\u00bb header_font_size_phone=\u00bb20px\u00bb header_font_size_last_edited=\u00bbon|phone\u00bb header_2_font_size_tablet=\u00bb23px\u00bb header_2_font_size_phone=\u00bb20px\u00bb header_2_font_size_last_edited=\u00bbon|tablet\u00bb global_colors_info=\u00bb{}\u00bb]<\/p>\n<h1>Feria Emprendedores<\/h1>\n<p>[\/et_pb_text][\/et_pb_column][\/et_pb_row][et_pb_row admin_label=\u00bbgaler\u00eda\u00bb _builder_version=\u00bb4.20.4&#8243; _module_preset=\u00bbdefault\u00bb global_colors_info=\u00bb{}\u00bb][et_pb_column type=\u00bb4_4&#8243; _builder_version=\u00bb4.20.4&#8243; _module_preset=\u00bbdefault\u00bb global_colors_info=\u00bb{}\u00bb][dnxte_masonary gallery_ids=\u00bb987511754,987511755,987511756,987511757,987511758,987511759,987511760,987511761,987511762&#8243; thumb_size=\u00bblarge\u00bb dnxte_gutter=\u00bb11&#8243; dnxte_masonry_hvr_effect=\u00bbimage-zoom-center\u00bb dnxte_msnary_overlay_bg_color=\u00bbrgba(42,130,170,0.24)\u00bb dnxte_msnary_icon_bg_color=\u00bbrgba(42,130,170,0.87)\u00bb dnxte_columns_tablet=\u00bb3&#8243; dnxte_columns_phone=\u00bb2&#8243; dnxte_columns_last_edited=\u00bbon|desktop\u00bb dnxte_gutter_tablet=\u00bb12&#8243; dnxte_gutter_phone=\u00bb9&#8243; dnxte_gutter_last_edited=\u00bbon|phone\u00bb disabled_on=\u00bbon|off|off\u00bb _builder_version=\u00bb4.25.0&#8243; _module_preset=\u00bbdefault\u00bb border_width_all_image=\u00bb1px\u00bb border_color_all_image=\u00bb#0b3d5c\u00bb global_colors_info=\u00bb{}\u00bb][\/dnxte_masonary][et_pb_gallery gallery_ids=\u00bb987511762,987511761,987511760,987511759,987511758,987511757,987511756,987511755,987511754&#8243; posts_number=\u00bb9&#8243; orientation=\u00bbportrait\u00bb show_title_and_caption=\u00bboff\u00bb hover_overlay_color=\u00bbrgba(42,130,170,0.63)\u00bb disabled_on=\u00bboff|on|on\u00bb admin_label=\u00bbGaler\u00eda moviles\u00bb _builder_version=\u00bb4.20.4&#8243; _module_preset=\u00bbdefault\u00bb border_width_all=\u00bb1px\u00bb border_color_all=\u00bb#0b3d5c\u00bb global_colors_info=\u00bb{}\u00bb][\/et_pb_gallery][\/et_pb_column][\/et_pb_row][\/et_pb_section]<\/p>\n","protected":false},"excerpt":{"rendered":"<p>Entrepreneurs Show<div class=\"et_pb_with_border et_pb_module dnxte_masonary dnxte_masonary_0\">\n\t\t\t\t\n\t\t\t\t\n\t\t\t\t\n\t\t\t\t\n\t\t\t\t\n\t\t\t\t\n\t\t\t\t<div class=\"et_pb_module_inner\">\n\t\t\t\t\t<div class=\"dnxte-msnary-wrapper\"><div class=\"dnxte-grid\"><div class=\"dnxte-msnary-grid\" id=\"dnxte-masonry-grid\" data-lightbox=\"1\" data-gutter=\"11\" data-columns=\"4\"><div class=\"grid-sizer\"><\/div><div class=\"gutter-sizer\"><\/div><div class=\"dnxte-msnary-item et_pb_gallery_image\"> <a class=\"image-link imghvr-msnary-image-zoom-center imghve-color\" href=\"https:\/\/proyectosotonorte.com\/wp-content\/uploads\/2023\/08\/Feria-emprendedores-1-scaled.webp\" target=\"\" data-title=\"\" data-caption=\"\">\n                    <img width=\"1024\" height=\"669\" src=\"https:\/\/proyectosotonorte.com\/wp-content\/uploads\/2023\/08\/Feria-emprendedores-1-1024x669.webp\" class=\"attachment-large size-large\" alt=\"\" decoding=\"async\" loading=\"lazy\" srcset=\"https:\/\/proyectosotonorte.com\/wp-content\/uploads\/2023\/08\/Feria-emprendedores-1-980x640.webp 980w, https:\/\/proyectosotonorte.com\/wp-content\/uploads\/2023\/08\/Feria-emprendedores-1-480x314.webp 480w\" sizes=\"(min-width: 0px) and (max-width: 480px) 480px, (min-width: 481px) and (max-width: 980px) 980px, (min-width: 981px) 1024px, 100vw\" \/>\n                <\/a><span class=\"dnxte_ovl et_overlay\" data-icon=\"L\" data-icon-tablet=\"L\" data-icon-phone=\"L\" >\n                    <div class='dnxte-msnary-details'><\/div><\/div><!-- .dnxte-msnary-details -->\n                <\/span><div class=\"dnxte-msnary-item et_pb_gallery_image\"> <a class=\"image-link imghvr-msnary-image-zoom-center imghve-color\" href=\"https:\/\/proyectosotonorte.com\/wp-content\/uploads\/2023\/08\/Feria-emprendedores-2-scaled.webp\" target=\"\" data-title=\"\" data-caption=\"\">\n                    <img width=\"1024\" height=\"683\" src=\"https:\/\/proyectosotonorte.com\/wp-content\/uploads\/2023\/08\/Feria-emprendedores-2-1024x683.webp\" class=\"attachment-large size-large\" alt=\"\" decoding=\"async\" loading=\"lazy\" srcset=\"https:\/\/proyectosotonorte.com\/wp-content\/uploads\/2023\/08\/Feria-emprendedores-2-980x654.webp 980w, https:\/\/proyectosotonorte.com\/wp-content\/uploads\/2023\/08\/Feria-emprendedores-2-480x320.webp 480w\" sizes=\"(min-width: 0px) and (max-width: 480px) 480px, (min-width: 481px) and (max-width: 980px) 980px, (min-width: 981px) 1024px, 100vw\" \/>\n                <\/a><span class=\"dnxte_ovl et_overlay\" data-icon=\"L\" data-icon-tablet=\"L\" data-icon-phone=\"L\" >\n                    <div class='dnxte-msnary-details'><\/div><\/div><!-- .dnxte-msnary-details -->\n                <\/span><div class=\"dnxte-msnary-item et_pb_gallery_image\"> <a class=\"image-link imghvr-msnary-image-zoom-center imghve-color\" href=\"https:\/\/proyectosotonorte.com\/wp-content\/uploads\/2023\/08\/Feria-emprendedores-3-scaled.webp\" target=\"\" data-title=\"\" data-caption=\"\">\n                    <img width=\"1024\" height=\"669\" src=\"https:\/\/proyectosotonorte.com\/wp-content\/uploads\/2023\/08\/Feria-emprendedores-3-1024x669.webp\" class=\"attachment-large size-large\" alt=\"\" decoding=\"async\" loading=\"lazy\" srcset=\"https:\/\/proyectosotonorte.com\/wp-content\/uploads\/2023\/08\/Feria-emprendedores-3-980x640.webp 980w, https:\/\/proyectosotonorte.com\/wp-content\/uploads\/2023\/08\/Feria-emprendedores-3-480x314.webp 480w\" sizes=\"(min-width: 0px) and (max-width: 480px) 480px, (min-width: 481px) and (max-width: 980px) 980px, (min-width: 981px) 1024px, 100vw\" \/>\n                <\/a><span class=\"dnxte_ovl et_overlay\" data-icon=\"L\" data-icon-tablet=\"L\" data-icon-phone=\"L\" >\n                    <div class='dnxte-msnary-details'><\/div><\/div><!-- .dnxte-msnary-details -->\n                <\/span><div class=\"dnxte-msnary-item et_pb_gallery_image\"> <a class=\"image-link imghvr-msnary-image-zoom-center imghve-color\" href=\"https:\/\/proyectosotonorte.com\/wp-content\/uploads\/2023\/08\/Feria-emprendedores-4-scaled.webp\" target=\"\" data-title=\"\" data-caption=\"\">\n                    <img width=\"1024\" height=\"683\" src=\"https:\/\/proyectosotonorte.com\/wp-content\/uploads\/2023\/08\/Feria-emprendedores-4-1024x683.webp\" class=\"attachment-large size-large\" alt=\"\" decoding=\"async\" loading=\"lazy\" srcset=\"https:\/\/proyectosotonorte.com\/wp-content\/uploads\/2023\/08\/Feria-emprendedores-4-980x653.webp 980w, https:\/\/proyectosotonorte.com\/wp-content\/uploads\/2023\/08\/Feria-emprendedores-4-480x320.webp 480w\" sizes=\"(min-width: 0px) and (max-width: 480px) 480px, (min-width: 481px) and (max-width: 980px) 980px, (min-width: 981px) 1024px, 100vw\" \/>\n                <\/a><span class=\"dnxte_ovl et_overlay\" data-icon=\"L\" data-icon-tablet=\"L\" data-icon-phone=\"L\" >\n                    <div class='dnxte-msnary-details'><\/div><\/div><!-- .dnxte-msnary-details -->\n                <\/span><div class=\"dnxte-msnary-item et_pb_gallery_image\"> <a class=\"image-link imghvr-msnary-image-zoom-center imghve-color\" href=\"https:\/\/proyectosotonorte.com\/wp-content\/uploads\/2023\/08\/Feria-emprendedores-5-scaled.webp\" target=\"\" data-title=\"\" data-caption=\"\">\n                    <img width=\"1024\" height=\"667\" src=\"https:\/\/proyectosotonorte.com\/wp-content\/uploads\/2023\/08\/Feria-emprendedores-5-1024x667.webp\" class=\"attachment-large size-large\" alt=\"\" decoding=\"async\" loading=\"lazy\" srcset=\"https:\/\/proyectosotonorte.com\/wp-content\/uploads\/2023\/08\/Feria-emprendedores-5-980x639.webp 980w, https:\/\/proyectosotonorte.com\/wp-content\/uploads\/2023\/08\/Feria-emprendedores-5-480x313.webp 480w\" sizes=\"(min-width: 0px) and (max-width: 480px) 480px, (min-width: 481px) and (max-width: 980px) 980px, (min-width: 981px) 1024px, 100vw\" \/>\n                <\/a><span class=\"dnxte_ovl et_overlay\" data-icon=\"L\" data-icon-tablet=\"L\" data-icon-phone=\"L\" >\n                    <div class='dnxte-msnary-details'><\/div><\/div><!-- .dnxte-msnary-details -->\n                <\/span><div class=\"dnxte-msnary-item et_pb_gallery_image\"> <a class=\"image-link imghvr-msnary-image-zoom-center imghve-color\" href=\"https:\/\/proyectosotonorte.com\/wp-content\/uploads\/2023\/08\/Feria-emprendedores-6-scaled.webp\" target=\"\" data-title=\"\" data-caption=\"\">\n                    <img width=\"912\" height=\"1024\" src=\"https:\/\/proyectosotonorte.com\/wp-content\/uploads\/2023\/08\/Feria-emprendedores-6-912x1024.webp\" class=\"attachment-large size-large\" alt=\"\" decoding=\"async\" loading=\"lazy\" \/>\n                <\/a><span class=\"dnxte_ovl et_overlay\" data-icon=\"L\" data-icon-tablet=\"L\" data-icon-phone=\"L\" >\n                    <div class='dnxte-msnary-details'><\/div><\/div><!-- .dnxte-msnary-details -->\n                <\/span><div class=\"dnxte-msnary-item et_pb_gallery_image\"> <a class=\"image-link imghvr-msnary-image-zoom-center imghve-color\" href=\"https:\/\/proyectosotonorte.com\/wp-content\/uploads\/2023\/08\/Feria-emprendedores-7-scaled.webp\" target=\"\" data-title=\"\" data-caption=\"\">\n                    <img width=\"1024\" height=\"581\" src=\"https:\/\/proyectosotonorte.com\/wp-content\/uploads\/2023\/08\/Feria-emprendedores-7-1024x581.webp\" class=\"attachment-large size-large\" alt=\"\" decoding=\"async\" loading=\"lazy\" srcset=\"https:\/\/proyectosotonorte.com\/wp-content\/uploads\/2023\/08\/Feria-emprendedores-7-980x556.webp 980w, https:\/\/proyectosotonorte.com\/wp-content\/uploads\/2023\/08\/Feria-emprendedores-7-480x272.webp 480w\" sizes=\"(min-width: 0px) and (max-width: 480px) 480px, (min-width: 481px) and (max-width: 980px) 980px, (min-width: 981px) 1024px, 100vw\" \/>\n                <\/a><span class=\"dnxte_ovl et_overlay\" data-icon=\"L\" data-icon-tablet=\"L\" data-icon-phone=\"L\" >\n                    <div class='dnxte-msnary-details'><\/div><\/div><!-- .dnxte-msnary-details -->\n                <\/span><div class=\"dnxte-msnary-item et_pb_gallery_image\"> <a class=\"image-link imghvr-msnary-image-zoom-center imghve-color\" href=\"https:\/\/proyectosotonorte.com\/wp-content\/uploads\/2023\/08\/Feria-emprendedores-8-scaled.webp\" target=\"\" data-title=\"\" data-caption=\"\">\n                    <img width=\"1024\" height=\"643\" src=\"https:\/\/proyectosotonorte.com\/wp-content\/uploads\/2023\/08\/Feria-emprendedores-8-1024x643.webp\" class=\"attachment-large size-large\" alt=\"\" decoding=\"async\" loading=\"lazy\" srcset=\"https:\/\/proyectosotonorte.com\/wp-content\/uploads\/2023\/08\/Feria-emprendedores-8-980x616.webp 980w, https:\/\/proyectosotonorte.com\/wp-content\/uploads\/2023\/08\/Feria-emprendedores-8-480x302.webp 480w\" sizes=\"(min-width: 0px) and (max-width: 480px) 480px, (min-width: 481px) and (max-width: 980px) 980px, (min-width: 981px) 1024px, 100vw\" \/>\n                <\/a><span class=\"dnxte_ovl et_overlay\" data-icon=\"L\" data-icon-tablet=\"L\" data-icon-phone=\"L\" >\n                    <div class='dnxte-msnary-details'><\/div><\/div><!-- .dnxte-msnary-details -->\n                <\/span><div class=\"dnxte-msnary-item et_pb_gallery_image\"> <a class=\"image-link imghvr-msnary-image-zoom-center imghve-color\" href=\"https:\/\/proyectosotonorte.com\/wp-content\/uploads\/2023\/08\/Feria-emprendedores-9-scaled.webp\" target=\"\" data-title=\"\" data-caption=\"\">\n                    <img width=\"1024\" height=\"773\" src=\"https:\/\/proyectosotonorte.com\/wp-content\/uploads\/2023\/08\/Feria-emprendedores-9-1024x773.webp\" class=\"attachment-large size-large\" alt=\"\" decoding=\"async\" loading=\"lazy\" srcset=\"https:\/\/proyectosotonorte.com\/wp-content\/uploads\/2023\/08\/Feria-emprendedores-9-980x740.webp 980w, https:\/\/proyectosotonorte.com\/wp-content\/uploads\/2023\/08\/Feria-emprendedores-9-480x362.webp 480w\" sizes=\"(min-width: 0px) and (max-width: 480px) 480px, (min-width: 481px) and (max-width: 980px) 980px, (min-width: 981px) 1024px, 100vw\" \/>\n                <\/a><span class=\"dnxte_ovl et_overlay\" data-icon=\"L\" data-icon-tablet=\"L\" data-icon-phone=\"L\" >\n                    <div class='dnxte-msnary-details'><\/div><\/div><!-- .dnxte-msnary-details -->\n                <\/span><\/div><\/div><\/div><!-- .dnxte-msnary-grid -->\n\t\t\t\t<\/div>\n\t\t\t<\/div><\/p>","protected":false},"author":1,"featured_media":0,"parent":253593,"menu_order":0,"comment_status":"closed","ping_status":"closed","template":"","meta":{"_et_pb_use_builder":"on","_et_pb_old_content":"","_et_gb_content_width":"","footnotes":""},"class_list":["post-987511752","page","type-page","status-publish","hentry"],"yoast_head":"<!-- This site is optimized with the Yoast SEO plugin v27.5 - https:\/\/yoast.com\/product\/yoast-seo-wordpress\/ -->\n<title>Feria Emprendedores | Proyecto Soto Norte<\/title>\n<meta name=\"robots\" content=\"index, follow, max-snippet:-1, max-image-preview:large, max-video-preview:-1\" \/>\n<link rel=\"canonical\" href=\"https:\/\/proyectosotonorte.com\/en\/sala-de-prensa\/galeria\/feria-emprendedores\/\" \/>\n<meta property=\"og:locale\" content=\"en_US\" \/>\n<meta property=\"og:type\" content=\"article\" \/>\n<meta property=\"og:title\" content=\"Feria Emprendedores | Proyecto Soto Norte\" \/>\n<meta property=\"og:description\" content=\"Feria Emprendedores\" \/>\n<meta property=\"og:url\" content=\"https:\/\/proyectosotonorte.com\/en\/sala-de-prensa\/galeria\/feria-emprendedores\/\" \/>\n<meta property=\"og:site_name\" content=\"Proyecto Soto Norte\" \/>\n<meta property=\"article:publisher\" content=\"https:\/\/www.facebook.com\/ProSotoNorte\/\" \/>\n<meta property=\"article:modified_time\" content=\"2024-09-11T23:49:19+00:00\" \/>\n<meta property=\"og:image\" content=\"https:\/\/proyectosotonorte.com\/wp-content\/uploads\/logo-pequeno-PSN.webp\" \/>\n\t<meta property=\"og:image:width\" content=\"512\" \/>\n\t<meta property=\"og:image:height\" content=\"512\" \/>\n\t<meta property=\"og:image:type\" content=\"image\/webp\" \/>\n<meta name=\"twitter:card\" content=\"summary_large_image\" \/>\n<meta name=\"twitter:site\" content=\"@ProSotoNorte\" \/>\n<meta name=\"twitter:label1\" content=\"Est. reading time\" \/>\n\t<meta name=\"twitter:data1\" content=\"1 minute\" \/>\n<script type=\"application\/ld+json\" class=\"yoast-schema-graph\">{\"@context\":\"https:\\\/\\\/schema.org\",\"@graph\":[{\"@type\":\"WebPage\",\"@id\":\"https:\\\/\\\/proyectosotonorte.com\\\/sala-de-prensa\\\/galeria\\\/feria-emprendedores\\\/\",\"url\":\"https:\\\/\\\/proyectosotonorte.com\\\/sala-de-prensa\\\/galeria\\\/feria-emprendedores\\\/\",\"name\":\"Feria Emprendedores | Proyecto Soto Norte\",\"isPartOf\":{\"@id\":\"https:\\\/\\\/proyectosotonorte.com\\\/#website\"},\"datePublished\":\"2023-08-04T03:11:48+00:00\",\"dateModified\":\"2024-09-11T23:49:19+00:00\",\"breadcrumb\":{\"@id\":\"https:\\\/\\\/proyectosotonorte.com\\\/sala-de-prensa\\\/galeria\\\/feria-emprendedores\\\/#breadcrumb\"},\"inLanguage\":\"en-US\",\"potentialAction\":[{\"@type\":\"ReadAction\",\"target\":[\"https:\\\/\\\/proyectosotonorte.com\\\/sala-de-prensa\\\/galeria\\\/feria-emprendedores\\\/\"]}]},{\"@type\":\"BreadcrumbList\",\"@id\":\"https:\\\/\\\/proyectosotonorte.com\\\/sala-de-prensa\\\/galeria\\\/feria-emprendedores\\\/#breadcrumb\",\"itemListElement\":[{\"@type\":\"ListItem\",\"position\":1,\"name\":\"Portada\",\"item\":\"https:\\\/\\\/proyectosotonorte.com\\\/\"},{\"@type\":\"ListItem\",\"position\":2,\"name\":\"Sala de prensa\",\"item\":\"https:\\\/\\\/proyectosotonorte.com\\\/sala-de-prensa\\\/\"},{\"@type\":\"ListItem\",\"position\":3,\"name\":\"Galer\u00eda\",\"item\":\"https:\\\/\\\/proyectosotonorte.com\\\/sala-de-prensa\\\/galeria\\\/\"},{\"@type\":\"ListItem\",\"position\":4,\"name\":\"Feria Emprendedores\"}]},{\"@type\":\"WebSite\",\"@id\":\"https:\\\/\\\/proyectosotonorte.com\\\/#website\",\"url\":\"https:\\\/\\\/proyectosotonorte.com\\\/\",\"name\":\"Proyecto Soto Norte\",\"description\":\"El Proyecto Soto Norte es una apuesta hist\u00f3rica en Santander para hacer miner\u00eda para la vida, concebida a partir de la sostenibilidad social que tiene a la conservaci\u00f3n del agua como principio rector, garantiza el desarrollo anticipado de la regi\u00f3n y preserva e impulsa el orgullo del territorio.\",\"publisher\":{\"@id\":\"https:\\\/\\\/proyectosotonorte.com\\\/#organization\"},\"potentialAction\":[{\"@type\":\"SearchAction\",\"target\":{\"@type\":\"EntryPoint\",\"urlTemplate\":\"https:\\\/\\\/proyectosotonorte.com\\\/?s={search_term_string}\"},\"query-input\":{\"@type\":\"PropertyValueSpecification\",\"valueRequired\":true,\"valueName\":\"search_term_string\"}}],\"inLanguage\":\"en-US\"},{\"@type\":\"Organization\",\"@id\":\"https:\\\/\\\/proyectosotonorte.com\\\/#organization\",\"name\":\"Proyecto Soto Norte\",\"alternateName\":\"El Proyecto Soto Norte es una apuesta hist\u00f3rica en Santander para hacer miner\u00eda para la vida, concebida a partir de la sostenibilidad social que tiene a la conservaci\u00f3n del agua como principio rector, garantiza el desarrollo anticipado de la regi\u00f3n y preserva e impulsa el orgullo del territorio.\",\"url\":\"https:\\\/\\\/proyectosotonorte.com\\\/\",\"logo\":{\"@type\":\"ImageObject\",\"inLanguage\":\"en-US\",\"@id\":\"https:\\\/\\\/proyectosotonorte.com\\\/#\\\/schema\\\/logo\\\/image\\\/\",\"url\":\"https:\\\/\\\/proyectosotonorte.com\\\/wp-content\\\/uploads\\\/cropped-logo-pequeno-PSN.webp\",\"contentUrl\":\"https:\\\/\\\/proyectosotonorte.com\\\/wp-content\\\/uploads\\\/cropped-logo-pequeno-PSN.webp\",\"width\":512,\"height\":512,\"caption\":\"Proyecto Soto Norte\"},\"image\":{\"@id\":\"https:\\\/\\\/proyectosotonorte.com\\\/#\\\/schema\\\/logo\\\/image\\\/\"},\"sameAs\":[\"https:\\\/\\\/www.facebook.com\\\/ProSotoNorte\\\/\",\"https:\\\/\\\/x.com\\\/ProSotoNorte\",\"https:\\\/\\\/www.instagram.com\\\/prosotonorte\\\/\"]}]}<\/script>\n<!-- \/ Yoast SEO plugin. -->","yoast_head_json":{"title":"Feria Emprendedores | Proyecto Soto Norte","robots":{"index":"index","follow":"follow","max-snippet":"max-snippet:-1","max-image-preview":"max-image-preview:large","max-video-preview":"max-video-preview:-1"},"canonical":"https:\/\/proyectosotonorte.com\/en\/sala-de-prensa\/galeria\/feria-emprendedores\/","og_locale":"en_US","og_type":"article","og_title":"Feria Emprendedores | Proyecto Soto Norte","og_description":"Feria Emprendedores","og_url":"https:\/\/proyectosotonorte.com\/en\/sala-de-prensa\/galeria\/feria-emprendedores\/","og_site_name":"Proyecto Soto Norte","article_publisher":"https:\/\/www.facebook.com\/ProSotoNorte\/","article_modified_time":"2024-09-11T23:49:19+00:00","og_image":[{"width":512,"height":512,"url":"https:\/\/proyectosotonorte.com\/wp-content\/uploads\/logo-pequeno-PSN.webp","type":"image\/webp"}],"twitter_card":"summary_large_image","twitter_site":"@ProSotoNorte","twitter_misc":{"Est. reading time":"1 minute"},"schema":{"@context":"https:\/\/schema.org","@graph":[{"@type":"WebPage","@id":"https:\/\/proyectosotonorte.com\/sala-de-prensa\/galeria\/feria-emprendedores\/","url":"https:\/\/proyectosotonorte.com\/sala-de-prensa\/galeria\/feria-emprendedores\/","name":"Feria Emprendedores | Proyecto Soto Norte","isPartOf":{"@id":"https:\/\/proyectosotonorte.com\/#website"},"datePublished":"2023-08-04T03:11:48+00:00","dateModified":"2024-09-11T23:49:19+00:00","breadcrumb":{"@id":"https:\/\/proyectosotonorte.com\/sala-de-prensa\/galeria\/feria-emprendedores\/#breadcrumb"},"inLanguage":"en-US","potentialAction":[{"@type":"ReadAction","target":["https:\/\/proyectosotonorte.com\/sala-de-prensa\/galeria\/feria-emprendedores\/"]}]},{"@type":"BreadcrumbList","@id":"https:\/\/proyectosotonorte.com\/sala-de-prensa\/galeria\/feria-emprendedores\/#breadcrumb","itemListElement":[{"@type":"ListItem","position":1,"name":"Portada","item":"https:\/\/proyectosotonorte.com\/"},{"@type":"ListItem","position":2,"name":"Sala de prensa","item":"https:\/\/proyectosotonorte.com\/sala-de-prensa\/"},{"@type":"ListItem","position":3,"name":"Galer\u00eda","item":"https:\/\/proyectosotonorte.com\/sala-de-prensa\/galeria\/"},{"@type":"ListItem","position":4,"name":"Feria Emprendedores"}]},{"@type":"WebSite","@id":"https:\/\/proyectosotonorte.com\/#website","url":"https:\/\/proyectosotonorte.com\/","name":"Proyecto Soto Norte","description":"The Soto Norte Project (PSN for its acronym in Spanish) is a historic commitment in Santander to make mining for life, conceived from the social sustainability that has water conservation as a guiding principle, guarantees the anticipated development of the region and preserves and promotes the pride of the territory.","publisher":{"@id":"https:\/\/proyectosotonorte.com\/#organization"},"potentialAction":[{"@type":"SearchAction","target":{"@type":"EntryPoint","urlTemplate":"https:\/\/proyectosotonorte.com\/?s={search_term_string}"},"query-input":{"@type":"PropertyValueSpecification","valueRequired":true,"valueName":"search_term_string"}}],"inLanguage":"en-US"},{"@type":"Organization","@id":"https:\/\/proyectosotonorte.com\/#organization","name":"Proyecto Soto Norte","alternateName":"El Proyecto Soto Norte es una apuesta hist\u00f3rica en Santander para hacer miner\u00eda para la vida, concebida a partir de la sostenibilidad social que tiene a la conservaci\u00f3n del agua como principio rector, garantiza el desarrollo anticipado de la regi\u00f3n y preserva e impulsa el orgullo del territorio.","url":"https:\/\/proyectosotonorte.com\/","logo":{"@type":"ImageObject","inLanguage":"en-US","@id":"https:\/\/proyectosotonorte.com\/#\/schema\/logo\/image\/","url":"https:\/\/proyectosotonorte.com\/wp-content\/uploads\/cropped-logo-pequeno-PSN.webp","contentUrl":"https:\/\/proyectosotonorte.com\/wp-content\/uploads\/cropped-logo-pequeno-PSN.webp","width":512,"height":512,"caption":"Proyecto Soto Norte"},"image":{"@id":"https:\/\/proyectosotonorte.com\/#\/schema\/logo\/image\/"},"sameAs":["https:\/\/www.facebook.com\/ProSotoNorte\/","https:\/\/x.com\/ProSotoNorte","https:\/\/www.instagram.com\/prosotonorte\/"]}]}},"_links":{"self":[{"href":"https:\/\/proyectosotonorte.com\/en\/wp-json\/wp\/v2\/pages\/987511752","targetHints":{"allow":["GET"]}}],"collection":[{"href":"https:\/\/proyectosotonorte.com\/en\/wp-json\/wp\/v2\/pages"}],"about":[{"href":"https:\/\/proyectosotonorte.com\/en\/wp-json\/wp\/v2\/types\/page"}],"author":[{"embeddable":true,"href":"https:\/\/proyectosotonorte.com\/en\/wp-json\/wp\/v2\/users\/1"}],"replies":[{"embeddable":true,"href":"https:\/\/proyectosotonorte.com\/en\/wp-json\/wp\/v2\/comments?post=987511752"}],"version-history":[{"count":5,"href":"https:\/\/proyectosotonorte.com\/en\/wp-json\/wp\/v2\/pages\/987511752\/revisions"}],"predecessor-version":[{"id":987516118,"href":"https:\/\/proyectosotonorte.com\/en\/wp-json\/wp\/v2\/pages\/987511752\/revisions\/987516118"}],"up":[{"embeddable":true,"href":"https:\/\/proyectosotonorte.com\/en\/wp-json\/wp\/v2\/pages\/253593"}],"wp:attachment":[{"href":"https:\/\/proyectosotonorte.com\/en\/wp-json\/wp\/v2\/media?parent=987511752"}],"curies":[{"name":"wp","href":"https:\/\/api.w.org\/{rel}","templated":true}]}}